{"id":442,"date":"2024-07-14T14:30:47","date_gmt":"2024-07-14T12:30:47","guid":{"rendered":"https:\/\/www.gaddvikostra.se\/?page_id=442"},"modified":"2024-07-15T10:34:49","modified_gmt":"2024-07-15T08:34:49","slug":"foreningstamma-2024","status":"publish","type":"page","link":"http:\/\/www.gaddvikostra.se\/?page_id=442","title":{"rendered":"F\u00f6reningst\u00e4mma 2024"},"content":{"rendered":"\n<p>Hej medlem i G\u00e4ddvik \u00d6stra samf\u00e4llighetsf\u00f6rening!<\/p>\n\n\n\n<p>Styrelsen h\u00e4lsar v\u00e4lkommen till \u00e5rets st\u00e4mma l\u00f6rdagen 20 Juli 2024 kl 11:00. <br>Plats f\u00f6r st\u00e4mman \u00e4r Edgards hus, Nedre Lagn\u00f6 1.<\/p>\n\n\n\n<div class=\"wp-block-file\"><a id=\"wp-block-file--media-a53fdb64-d2ef-403e-abdc-33fb41f7564b\" href=\"https:\/\/www.gaddvikostra.se\/wp-content\/uploads\/2024\/07\/Gaddvik-Ostra-Samfallighetsforening-kallelse-stamma-2024-ver-1.pdf\">Kallelse<\/a><a href=\"https:\/\/www.gaddvikostra.se\/wp-content\/uploads\/2024\/07\/Gaddvik-Ostra-Samfallighetsforening-kallelse-stamma-2024-ver-1.pdf\" class=\"wp-block-file__button wp-element-button\" download aria-describedby=\"wp-block-file--media-a53fdb64-d2ef-403e-abdc-33fb41f7564b\">Ladda ner<\/a><\/div>\n\n\n\n<div class=\"wp-block-file\"><a id=\"wp-block-file--media-3fce77b7-b656-43c5-9f28-3b8d7da50611\" href=\"https:\/\/www.gaddvikostra.se\/wp-content\/uploads\/2024\/07\/Fullmakt-Gaddvik.docx\">Fullmakt G\u00e4ddvik<\/a><a href=\"https:\/\/www.gaddvikostra.se\/wp-content\/uploads\/2024\/07\/Fullmakt-Gaddvik.docx\" class=\"wp-block-file__button wp-element-button\" download aria-describedby=\"wp-block-file--media-3fce77b7-b656-43c5-9f28-3b8d7da50611\">Ladda ner<\/a><\/div>\n\n\n\n<p>Underlag inf\u00f6r st\u00e4mman:<\/p>\n\n\n\n<div class=\"wp-block-group is-layout-constrained wp-block-group-is-layout-constrained\"><div class=\"wp-block-group__inner-container\">\n<div class=\"wp-block-group is-layout-constrained wp-block-group-is-layout-constrained\"><div class=\"wp-block-group__inner-container\">\n<div class=\"wp-block-file\"><a id=\"wp-block-file--media-fccd0c03-b582-44ec-9119-6b5600dac18e\" href=\"https:\/\/www.gaddvikostra.se\/wp-content\/uploads\/2024\/07\/Arsredovisning-Gaddvik-Ostra-Samfallighet-1.pdf\">\u00c5rsredovisning G\u00e4ddvik \u00d6stra Samf\u00e4llighet<\/a><a href=\"https:\/\/www.gaddvikostra.se\/wp-content\/uploads\/2024\/07\/Arsredovisning-Gaddvik-Ostra-Samfallighet-1.pdf\" class=\"wp-block-file__button wp-element-button\" download aria-describedby=\"wp-block-file--media-fccd0c03-b582-44ec-9119-6b5600dac18e\">Ladda ner<\/a><\/div>\n\n\n\n<div class=\"wp-block-group is-layout-constrained wp-block-group-is-layout-constrained\"><div class=\"wp-block-group__inner-container\">\n<div class=\"wp-block-file\"><a id=\"wp-block-file--media-5a75ecbe-6c70-4b1c-b449-a10516781616\" href=\"https:\/\/www.gaddvikostra.se\/wp-content\/uploads\/2024\/07\/bokslut-20240430-balansrakning.pdf\">Balansr\u00e4kning<\/a><a href=\"https:\/\/www.gaddvikostra.se\/wp-content\/uploads\/2024\/07\/bokslut-20240430-balansrakning.pdf\" class=\"wp-block-file__button wp-element-button\" download aria-describedby=\"wp-block-file--media-5a75ecbe-6c70-4b1c-b449-a10516781616\">Ladda ner<\/a><\/div>\n<\/div><\/div>\n<\/div><\/div>\n\n\n\n<div class=\"wp-block-file\"><a id=\"wp-block-file--media-44166d15-3496-4986-a55e-405ba0d662f8\" href=\"https:\/\/www.gaddvikostra.se\/wp-content\/uploads\/2024\/07\/bokslut-20240430-resultatrakning.pdf\">Resultatr\u00e4kning<\/a><a href=\"https:\/\/www.gaddvikostra.se\/wp-content\/uploads\/2024\/07\/bokslut-20240430-resultatrakning.pdf\" class=\"wp-block-file__button wp-element-button\" download aria-describedby=\"wp-block-file--media-44166d15-3496-4986-a55e-405ba0d662f8\">Ladda ner<\/a><\/div>\n\n\n\n<div class=\"wp-block-file\"><a id=\"wp-block-file--media-55d07c35-97e2-46e7-b276-21085bf09858\" href=\"https:\/\/www.gaddvikostra.se\/wp-content\/uploads\/2024\/07\/Budgetforslag-prel.pdf\">Budgetf\u00f6rslag<\/a><a href=\"https:\/\/www.gaddvikostra.se\/wp-content\/uploads\/2024\/07\/Budgetforslag-prel.pdf\" class=\"wp-block-file__button wp-element-button\" download aria-describedby=\"wp-block-file--media-55d07c35-97e2-46e7-b276-21085bf09858\">Ladda ner<\/a><\/div>\n\n\n\n<div class=\"wp-block-file\"><a id=\"wp-block-file--media-52ffe184-18e8-4d27-ba46-bc4e3c124c5e\" href=\"https:\/\/www.gaddvikostra.se\/wp-content\/uploads\/2024\/07\/Debiteringsunderlag-Gaddvik-Ostra-240708.pdf\">Debiteringsunderlag<\/a><a href=\"https:\/\/www.gaddvikostra.se\/wp-content\/uploads\/2024\/07\/Debiteringsunderlag-Gaddvik-Ostra-240708.pdf\" class=\"wp-block-file__button wp-element-button\" download aria-describedby=\"wp-block-file--media-52ffe184-18e8-4d27-ba46-bc4e3c124c5e\">Ladda ner<\/a><\/div>\n\n\n\n<div class=\"wp-block-file\"><a id=\"wp-block-file--media-1cfd900a-7092-4a05-8e9d-a7a895c192a1\" href=\"https:\/\/www.gaddvikostra.se\/wp-content\/uploads\/2024\/07\/Underhalls-och-fornyelseplan-2024.pdf\">Underh\u00e5lls och f\u00f6rnyelseplan<\/a><a href=\"https:\/\/www.gaddvikostra.se\/wp-content\/uploads\/2024\/07\/Underhalls-och-fornyelseplan-2024.pdf\" class=\"wp-block-file__button wp-element-button\" download aria-describedby=\"wp-block-file--media-1cfd900a-7092-4a05-8e9d-a7a895c192a1\">Ladda ner<\/a><\/div>\n<\/div><\/div>\n\n\n\n<p>I anslutning direkt efter st\u00e4mman serveras kaffe \/ te med kaka. Vg anm\u00e4l till styrelsen senast tisdag 14 Juli per e-mail&nbsp;<a rel=\"noreferrer noopener\" href=\"mailto:info@gaddvikostra.se\" target=\"_blank\">info@gaddvikostra.se<\/a>&nbsp;om kaffe \/ te \u00f6nskas.<\/p>\n\n\n\n<p>Vi ser fram emot att tr\u00e4ffas p\u00e5 st\u00e4mman, dock till ett reducerat antal.<\/p>\n\n\n\n<p>Styrelsen G\u00e4ddvik \u00d6stra Samf\u00e4llighet<\/p>\n","protected":false},"excerpt":{"rendered":"<p>Hej medlem i G\u00e4ddvik \u00d6stra samf\u00e4llighetsf\u00f6rening! Styrelsen h\u00e4lsar v\u00e4lkommen till \u00e5rets st\u00e4mma l\u00f6rdagen 20 Juli 2024 kl 11:00. Plats f\u00f6r st\u00e4mman \u00e4r Edgards hus, Nedre Lagn\u00f6 1. Underlag inf\u00f6r st\u00e4mman: I anslutning direkt efter st\u00e4mman serveras kaffe \/ te med kaka. Vg anm\u00e4l till styrelsen senast tisdag 14 Juli per e-mail&nbsp;info@gaddvikostra.se&nbsp;om kaffe \/ te \u00f6nskas. &hellip; <a href=\"http:\/\/www.gaddvikostra.se\/?page_id=442\" class=\"more-link\">Forts\u00e4tt l\u00e4sa <span class=\"screen-reader-text\">F\u00f6reningst\u00e4mma 2024<\/span> <span class=\"meta-nav\">&rarr;<\/span><\/a><\/p>\n","protected":false},"author":1,"featured_media":0,"parent":355,"menu_order":0,"comment_status":"closed","ping_status":"closed","template":"","meta":{"footnotes":""},"_links":{"self":[{"href":"http:\/\/www.gaddvikostra.se\/index.php?rest_route=\/wp\/v2\/pages\/442"}],"collection":[{"href":"http:\/\/www.gaddvikostra.se\/index.php?rest_route=\/wp\/v2\/pages"}],"about":[{"href":"http:\/\/www.gaddvikostra.se\/index.php?rest_route=\/wp\/v2\/types\/page"}],"author":[{"embeddable":true,"href":"http:\/\/www.gaddvikostra.se\/index.php?rest_route=\/wp\/v2\/users\/1"}],"replies":[{"embeddable":true,"href":"http:\/\/www.gaddvikostra.se\/index.php?rest_route=%2Fwp%2Fv2%2Fcomments&post=442"}],"version-history":[{"count":3,"href":"http:\/\/www.gaddvikostra.se\/index.php?rest_route=\/wp\/v2\/pages\/442\/revisions"}],"predecessor-version":[{"id":456,"href":"http:\/\/www.gaddvikostra.se\/index.php?rest_route=\/wp\/v2\/pages\/442\/revisions\/456"}],"up":[{"embeddable":true,"href":"http:\/\/www.gaddvikostra.se\/index.php?rest_route=\/wp\/v2\/pages\/355"}],"wp:attachment":[{"href":"http:\/\/www.gaddvikostra.se\/index.php?rest_route=%2Fwp%2Fv2%2Fmedia&parent=442"}],"curies":[{"name":"wp","href":"https:\/\/api.w.org\/{rel}","templated":true}]}}