{"id":28,"date":"2014-04-01T01:13:56","date_gmt":"2014-03-31T23:13:56","guid":{"rendered":"http:\/\/www.gaddvikostra.se\/?page_id=28"},"modified":"2021-04-08T12:53:03","modified_gmt":"2021-04-08T10:53:03","slug":"information","status":"publish","type":"page","link":"http:\/\/www.gaddvikostra.se\/?page_id=28","title":{"rendered":"Renh\u00e5llning och vatten"},"content":{"rendered":"<h2>Soph\u00e4mtning<\/h2>\n<p>Varje fastighet f\u00e5r sj\u00e4lva administrera soph\u00e4mtning via kommunen.<\/p>\n<p>Kontakt p\u00e5 S\u00f6derk\u00f6pings kommun.<\/p>\n<div style=\"font-size: 10pt; font-family: Tahoma; color: #000000; direction: ltr;\">\n<div>\n<p style=\"font-size: 16px; margin-bottom: 24px; font-family: Lato, sans-serif; vertical-align: baseline; color: #2b2b2b; outline-width: 0px; outline-style: none; margin-left: 0px; outline-color: invert; line-height: 24px; margin-right: 0px; border: 0px; padding: 0px;\"><span style=\"font-size: 10pt; font-family: Tahoma; color: #000000;\">VA\/renh\u00e5llning Kundtj\u00e4nst (020-23 30 22).<\/span><\/p>\n<\/div>\n<\/div>\n<h2><\/h2>\n<h2>Vattenm\u00e4tare<\/h2>\n<p>Kommunen backar delvis p\u00e5 sina krav, nytt brev kommer inom kort.<\/p>\n<p>Det inneb\u00e4r i stort att de som har m\u00f6jlighet att ha vattenm\u00e4tare m\u00e5ste installera det. \u00a0De som inte har plats f\u00f6r det beh\u00f6ver inte installera det. De som inte byggt \u00e4nnu kommer att f\u00e5 se till att g\u00f6ra plats f\u00f6r m\u00e4tare. Diskussion kring detta ska varje fastighets\u00e4gare ta med Thomas Julin. M\u00e4taren st\u00e5r kommunen f\u00f6r, fastighets\u00e4garen st\u00e5r f\u00f6r installation samt konsolen vilken m\u00e4taren f\u00e4sts i. De m\u00e5tt som angetts i brevet ska upplysningsvis ses som en rekommendation.<\/p>\n<p>Bakgrunden till att man beslutat om att alla ska ha vattenm\u00e4tare \u00e4r att man sett att det inte fungerar bra p\u00e5 andra platser i kommunen d\u00e4r man valt att inte ha m\u00e4tare. Det har d\u00e5 visat sig att det d\u00e5 gjorts alldeles f\u00f6r stora uttag, \u00a0vilket medf\u00f6r att det kan bli risk f\u00f6r att vattnet inte r\u00e4cker till under h\u00f6gs\u00e4song fram\u00f6ver.<\/p>\n","protected":false},"excerpt":{"rendered":"<p>Soph\u00e4mtning Varje fastighet f\u00e5r sj\u00e4lva administrera soph\u00e4mtning via kommunen. Kontakt p\u00e5 S\u00f6derk\u00f6pings kommun. VA\/renh\u00e5llning Kundtj\u00e4nst (020-23 30 22). Vattenm\u00e4tare Kommunen backar delvis p\u00e5 sina krav, nytt brev kommer inom kort. Det inneb\u00e4r i stort att de som har m\u00f6jlighet att ha vattenm\u00e4tare m\u00e5ste installera det. \u00a0De som inte har plats f\u00f6r det beh\u00f6ver inte installera &hellip; <a href=\"http:\/\/www.gaddvikostra.se\/?page_id=28\" class=\"more-link\">Forts\u00e4tt l\u00e4sa <span class=\"screen-reader-text\">Renh\u00e5llning och vatten<\/span> <span class=\"meta-nav\">&rarr;<\/span><\/a><\/p>\n","protected":false},"author":1,"featured_media":0,"parent":10,"menu_order":40,"comment_status":"open","ping_status":"open","template":"","meta":{"footnotes":""},"_links":{"self":[{"href":"http:\/\/www.gaddvikostra.se\/index.php?rest_route=\/wp\/v2\/pages\/28"}],"collection":[{"href":"http:\/\/www.gaddvikostra.se\/index.php?rest_route=\/wp\/v2\/pages"}],"about":[{"href":"http:\/\/www.gaddvikostra.se\/index.php?rest_route=\/wp\/v2\/types\/page"}],"author":[{"embeddable":true,"href":"http:\/\/www.gaddvikostra.se\/index.php?rest_route=\/wp\/v2\/users\/1"}],"replies":[{"embeddable":true,"href":"http:\/\/www.gaddvikostra.se\/index.php?rest_route=%2Fwp%2Fv2%2Fcomments&post=28"}],"version-history":[{"count":8,"href":"http:\/\/www.gaddvikostra.se\/index.php?rest_route=\/wp\/v2\/pages\/28\/revisions"}],"predecessor-version":[{"id":352,"href":"http:\/\/www.gaddvikostra.se\/index.php?rest_route=\/wp\/v2\/pages\/28\/revisions\/352"}],"up":[{"embeddable":true,"href":"http:\/\/www.gaddvikostra.se\/index.php?rest_route=\/wp\/v2\/pages\/10"}],"wp:attachment":[{"href":"http:\/\/www.gaddvikostra.se\/index.php?rest_route=%2Fwp%2Fv2%2Fmedia&parent=28"}],"curies":[{"name":"wp","href":"https:\/\/api.w.org\/{rel}","templated":true}]}}